{"id":145,"date":"2022-09-01T04:19:27","date_gmt":"2022-09-01T02:19:27","guid":{"rendered":"http:\/\/presenk.cluster031.hosting.ovh.net\/?page_id=145"},"modified":"2025-09-21T22:54:54","modified_gmt":"2025-09-21T20:54:54","slug":"ateliers-stages","status":"publish","type":"page","link":"https:\/\/presenceencorps.fr\/index.php\/ateliers-stages\/","title":{"rendered":"Ateliers Stages"},"content":{"rendered":"\t\t<div data-elementor-type=\"wp-page\" data-elementor-id=\"145\" class=\"elementor elementor-145\">\n\t\t\t\t\t\t\t\t\t<section class=\"elementor-section elementor-top-section elementor-element elementor-element-64ba8bc elementor-section-boxed elementor-section-height-default elementor-section-height-default\" data-id=\"64ba8bc\" data-element_type=\"section\">\n\t\t\t\t\t\t<div class=\"elementor-container elementor-column-gap-default\">\n\t\t\t\t\t<div class=\"elementor-column elementor-col-100 elementor-top-column elementor-element elementor-element-34a59c6\" data-id=\"34a59c6\" data-element_type=\"column\">\n\t\t\t<div class=\"elementor-widget-wrap elementor-element-populated\">\n\t\t\t\t\t\t\t\t<div class=\"elementor-element elementor-element-d091de0 elementor-widget elementor-widget-text-editor\" data-id=\"d091de0\" data-element_type=\"widget\" data-widget_type=\"text-editor.default\">\n\t\t\t\t<div class=\"elementor-widget-container\">\n\t\t\t<style>\/*! elementor - v3.18.0 - 20-12-2023 *\/\n.elementor-widget-text-editor.elementor-drop-cap-view-stacked .elementor-drop-cap{background-color:#69727d;color:#fff}.elementor-widget-text-editor.elementor-drop-cap-view-framed .elementor-drop-cap{color:#69727d;border:3px solid;background-color:transparent}.elementor-widget-text-editor:not(.elementor-drop-cap-view-default) .elementor-drop-cap{margin-top:8px}.elementor-widget-text-editor:not(.elementor-drop-cap-view-default) .elementor-drop-cap-letter{width:1em;height:1em}.elementor-widget-text-editor .elementor-drop-cap{float:left;text-align:center;line-height:1;font-size:50px}.elementor-widget-text-editor .elementor-drop-cap-letter{display:inline-block}<\/style>\t\t\t\t<h2><span style=\"text-decoration: underline;\">Ateliers Danse du Sensible<\/span><\/h2>\t\t\t\t\t\t<\/div>\n\t\t\t\t<\/div>\n\t\t\t\t\t<\/div>\n\t\t<\/div>\n\t\t\t\t\t\t\t<\/div>\n\t\t<\/section>\n\t\t\t\t<section class=\"elementor-section elementor-top-section elementor-element elementor-element-3bc2e07 elementor-section-boxed elementor-section-height-default elementor-section-height-default\" data-id=\"3bc2e07\" data-element_type=\"section\">\n\t\t\t\t\t\t<div class=\"elementor-container elementor-column-gap-default\">\n\t\t\t\t\t<div class=\"elementor-column elementor-col-50 elementor-top-column elementor-element elementor-element-c55e186\" data-id=\"c55e186\" data-element_type=\"column\">\n\t\t\t<div class=\"elementor-widget-wrap elementor-element-populated\">\n\t\t\t\t\t\t\t\t<div class=\"elementor-element elementor-element-b46898e elementor-widget elementor-widget-text-editor\" data-id=\"b46898e\" data-element_type=\"widget\" data-widget_type=\"text-editor.default\">\n\t\t\t\t<div class=\"elementor-widget-container\">\n\t\t\t\t\t\t\t<p>\u00a0<\/p><p><img fetchpriority=\"high\" decoding=\"async\" class=\"alignnone size-medium wp-image-151\" src=\"http:\/\/presenk.cluster031.hosting.ovh.net\/wp-content\/uploads\/2022\/09\/arandel-fasciatherapie-Sensible-danse-incarnation-300x296.jpg\" alt=\"J'accompagne les personnes qui le souhaitent \u00e0 prendre conscience de leur corps avec bienveillance, douceur, \u00e9coute, pr\u00e9sence et profondeur. Mes outils : la fasciath\u00e9rapie, la kin\u00e9sith\u00e9rapie, la CNV et la danse du Sensible\" width=\"300\" height=\"296\" srcset=\"https:\/\/presenceencorps.fr\/wp-content\/uploads\/2022\/09\/arandel-fasciatherapie-Sensible-danse-incarnation-300x296.jpg 300w, https:\/\/presenceencorps.fr\/wp-content\/uploads\/2022\/09\/arandel-fasciatherapie-Sensible-danse-incarnation-1024x1012.jpg 1024w, https:\/\/presenceencorps.fr\/wp-content\/uploads\/2022\/09\/arandel-fasciatherapie-Sensible-danse-incarnation-768x759.jpg 768w, https:\/\/presenceencorps.fr\/wp-content\/uploads\/2022\/09\/arandel-fasciatherapie-Sensible-danse-incarnation-45x45.jpg 45w, https:\/\/presenceencorps.fr\/wp-content\/uploads\/2022\/09\/arandel-fasciatherapie-Sensible-danse-incarnation.jpg 1093w\" sizes=\"(max-width: 300px) 100vw, 300px\" \/><\/p><p>\u00a0<\/p><p><img decoding=\"async\" class=\"alignnone size-medium wp-image-153\" src=\"http:\/\/presenk.cluster031.hosting.ovh.net\/wp-content\/uploads\/2022\/09\/arandel-fasciatherapie-stage-Sensible-danse-300x169.jpg\" alt=\"J'accompagne les personnes qui le souhaitent \u00e0 prendre conscience de leur corps avec bienveillance, douceur, \u00e9coute, pr\u00e9sence et profondeur. Mes outils : la fasciath\u00e9rapie, la kin\u00e9sith\u00e9rapie, la CNV et la danse du Sensible\" width=\"300\" height=\"169\" srcset=\"https:\/\/presenceencorps.fr\/wp-content\/uploads\/2022\/09\/arandel-fasciatherapie-stage-Sensible-danse-300x169.jpg 300w, https:\/\/presenceencorps.fr\/wp-content\/uploads\/2022\/09\/arandel-fasciatherapie-stage-Sensible-danse-1024x576.jpg 1024w, https:\/\/presenceencorps.fr\/wp-content\/uploads\/2022\/09\/arandel-fasciatherapie-stage-Sensible-danse-768x432.jpg 768w, https:\/\/presenceencorps.fr\/wp-content\/uploads\/2022\/09\/arandel-fasciatherapie-stage-Sensible-danse-1536x864.jpg 1536w, https:\/\/presenceencorps.fr\/wp-content\/uploads\/2022\/09\/arandel-fasciatherapie-stage-Sensible-danse.jpg 2048w\" sizes=\"(max-width: 300px) 100vw, 300px\" \/><\/p><p>\u00a0<\/p><p><img decoding=\"async\" class=\"alignnone size-medium wp-image-147\" src=\"http:\/\/presenk.cluster031.hosting.ovh.net\/wp-content\/uploads\/2022\/09\/arandel-fasciatherapie-atelier-Sensible-danse-300x300.jpg\" alt=\"J'accompagne les personnes qui le souhaitent \u00e0 prendre conscience de leur corps avec bienveillance, douceur, \u00e9coute, pr\u00e9sence et profondeur. Mes outils : la fasciath\u00e9rapie, la kin\u00e9sith\u00e9rapie, la CNV et la danse du Sensible\" width=\"300\" height=\"300\" srcset=\"https:\/\/presenceencorps.fr\/wp-content\/uploads\/2022\/09\/arandel-fasciatherapie-atelier-Sensible-danse-300x300.jpg 300w, https:\/\/presenceencorps.fr\/wp-content\/uploads\/2022\/09\/arandel-fasciatherapie-atelier-Sensible-danse-1024x1024.jpg 1024w, https:\/\/presenceencorps.fr\/wp-content\/uploads\/2022\/09\/arandel-fasciatherapie-atelier-Sensible-danse-150x150.jpg 150w, https:\/\/presenceencorps.fr\/wp-content\/uploads\/2022\/09\/arandel-fasciatherapie-atelier-Sensible-danse-768x768.jpg 768w, https:\/\/presenceencorps.fr\/wp-content\/uploads\/2022\/09\/arandel-fasciatherapie-atelier-Sensible-danse-45x45.jpg 45w, https:\/\/presenceencorps.fr\/wp-content\/uploads\/2022\/09\/arandel-fasciatherapie-atelier-Sensible-danse.jpg 1440w\" sizes=\"(max-width: 300px) 100vw, 300px\" \/><\/p><p>\u00a0<\/p><p><img loading=\"lazy\" decoding=\"async\" class=\"alignnone size-medium wp-image-152\" src=\"http:\/\/presenk.cluster031.hosting.ovh.net\/wp-content\/uploads\/2022\/09\/arandel-fasciatherapie-Sensible-incarnation-danse-300x169.jpg\" alt=\"J'accompagne les personnes qui le souhaitent \u00e0 prendre conscience de leur corps avec bienveillance, douceur, \u00e9coute, pr\u00e9sence et profondeur. Mes outils : la fasciath\u00e9rapie, la kin\u00e9sith\u00e9rapie, la CNV et la danse du Sensible\" width=\"300\" height=\"169\" srcset=\"https:\/\/presenceencorps.fr\/wp-content\/uploads\/2022\/09\/arandel-fasciatherapie-Sensible-incarnation-danse-300x169.jpg 300w, https:\/\/presenceencorps.fr\/wp-content\/uploads\/2022\/09\/arandel-fasciatherapie-Sensible-incarnation-danse-1024x576.jpg 1024w, https:\/\/presenceencorps.fr\/wp-content\/uploads\/2022\/09\/arandel-fasciatherapie-Sensible-incarnation-danse-768x432.jpg 768w, https:\/\/presenceencorps.fr\/wp-content\/uploads\/2022\/09\/arandel-fasciatherapie-Sensible-incarnation-danse.jpg 1440w\" sizes=\"(max-width: 300px) 100vw, 300px\" \/><\/p>\t\t\t\t\t\t<\/div>\n\t\t\t\t<\/div>\n\t\t\t\t\t<\/div>\n\t\t<\/div>\n\t\t\t\t<div class=\"elementor-column elementor-col-50 elementor-top-column elementor-element elementor-element-5402132\" data-id=\"5402132\" data-element_type=\"column\">\n\t\t\t<div class=\"elementor-widget-wrap elementor-element-populated\">\n\t\t\t\t\t\t\t\t<div class=\"elementor-element elementor-element-49aa6e7 elementor-widget elementor-widget-text-editor\" data-id=\"49aa6e7\" data-element_type=\"widget\" data-widget_type=\"text-editor.default\">\n\t\t\t\t<div class=\"elementor-widget-container\">\n\t\t\t\t\t\t\t<div id=\"comp-kzu051bm\" class=\"_2Hij5 _3bcaz\" data-testid=\"richTextElement\"><p class=\"font_8\">La Danse du Sensible est une pratique corporelle cr\u00e9e par Claire Laronde, danseuse et chor\u00e9graphe, th\u00e9rapeute et somato-psychop\u00e9dagogue qui a su associer finement, la m\u00e9ditation, l&rsquo;expression dans\u00e9e, la p\u00e9dagogie perceptive et la communication non violente.<\/p><p class=\"font_8\">\u00a0<\/p><p class=\"font_8\">Elle peut se pratiquer en groupe, pour soi ou en accompagnement individuel. Cet atelier permet d&rsquo;exp\u00e9rimenter la dynamique de groupe.<\/p><p class=\"font_8\">\u00a0<\/p><p class=\"font_8\">La Danse du Sensible se d\u00e9ploie par diff\u00e9rentes danses v\u00e9cues comme des m\u00e9ditations en mouvement :<\/p><p class=\"font_8\">\u00a0<\/p><p class=\"font_8\">&#8211; le fait de\u00a0ralentir vous permettra de reconnecter la dimension sensorielle du geste, de retrouver vos sensations, perceptions corporelles&#8230;<\/p><p class=\"font_8\">\u00a0<\/p><p class=\"font_8\">&#8211; la lenteur et l&rsquo;attention pos\u00e9e sur le corps lors des diff\u00e9rentes pratiques, vous permettront de prendre soin de vous avec douceur, profondeur et bienveillance.<\/p><p class=\"font_8\">\u00a0<\/p><p class=\"font_8\">Progressivement vous d\u00e9velopperez une perception \u00e9largie de votre corps, plus profonde, plus globale, intens\u00e9ment vivante.<\/p><p class=\"font_8\">\u00a0<\/p><p class=\"font_8\">Vous serez invitez \u00e0 embrasser vos \u00e9tats d&rsquo;\u00e2me, vos sentiments, vos besoins et \u00e0 les exprimez dans la danse librement.<\/p><p class=\"font_8\">\u00a0<\/p><p class=\"font_8\">La Danse du Sensible s&rsquo;est d&rsquo;abord se reconnecter compl\u00e8tement \u00e0 soi, sentir son corps en mouvement, percevoir la force de la vie en soi. C&rsquo;est d\u00e9velopper sa capacit\u00e9 \u00e0 s&rsquo;affirmer dans sa danse, \u00e0 recontacter et renforcer sa cr\u00e9ativit\u00e9. Les participants seront invit\u00e9s ensuite \u00e0 partager des danses \u00e0 deux, en connexion avec le groupe.<\/p><p class=\"font_8\">(plus de d\u00e9tails sur la page Danse du Sensible)<\/p><\/div><div id=\"comp-l0s4590r\" class=\"_2Hij5 _3bcaz\" data-testid=\"richTextElement\"><p class=\"font_8\">Prochaines dates en Septembre :<\/p><p class=\"font_8\">L&rsquo;atelier est bimensuel, il a lieu les Mercredi tous les 15 jours.<br \/>Mercredi 24 Septembre 2025\u00a0 de 19h \u00e0 21h<\/p><p class=\"font_8\">Dur\u00e9e : 2h<\/p><p class=\"font_8\">Tarif : 20 euros (tarif solidaire sur demande)<\/p><p class=\"font_8\">Paiement sur place en esp\u00e8ces<\/p><\/div>\t\t\t\t\t\t<\/div>\n\t\t\t\t<\/div>\n\t\t\t\t\t<\/div>\n\t\t<\/div>\n\t\t\t\t\t\t\t<\/div>\n\t\t<\/section>\n\t\t\t\t<section class=\"elementor-section elementor-top-section elementor-element elementor-element-5f1ef27 elementor-section-boxed elementor-section-height-default elementor-section-height-default\" data-id=\"5f1ef27\" data-element_type=\"section\">\n\t\t\t\t\t\t<div class=\"elementor-container elementor-column-gap-default\">\n\t\t\t\t\t<div class=\"elementor-column elementor-col-50 elementor-top-column elementor-element elementor-element-461299a\" data-id=\"461299a\" data-element_type=\"column\">\n\t\t\t<div class=\"elementor-widget-wrap elementor-element-populated\">\n\t\t\t\t\t\t\t\t<div class=\"elementor-element elementor-element-15b822e elementor-widget elementor-widget-text-editor\" data-id=\"15b822e\" data-element_type=\"widget\" data-widget_type=\"text-editor.default\">\n\t\t\t\t<div class=\"elementor-widget-container\">\n\t\t\t\t\t\t\t<p>R\u00e9servation pr\u00e9alable : C\u00e9line Arandel\u00a0\u00a0 <strong class=\"notranslate\">\u260e<\/strong>\u00a0 06 62 38 37 05 <br \/><strong class=\"notranslate\">\ud83d\udce7<\/strong>\u00a0 <a href=\"mailto:celinearandel@gmail.com\" data-auto-recognition=\"true\">celinearandel@gmail.com<\/a><\/p>\t\t\t\t\t\t<\/div>\n\t\t\t\t<\/div>\n\t\t\t\t\t<\/div>\n\t\t<\/div>\n\t\t\t\t<div class=\"elementor-column elementor-col-50 elementor-top-column elementor-element elementor-element-bce51a4\" data-id=\"bce51a4\" data-element_type=\"column\">\n\t\t\t<div class=\"elementor-widget-wrap\">\n\t\t\t\t\t\t\t\t\t<\/div>\n\t\t<\/div>\n\t\t\t\t\t\t\t<\/div>\n\t\t<\/section>\n\t\t\t\t<section class=\"elementor-section elementor-top-section elementor-element elementor-element-d753533 elementor-section-boxed elementor-section-height-default elementor-section-height-default\" data-id=\"d753533\" data-element_type=\"section\">\n\t\t\t\t\t\t<div class=\"elementor-container elementor-column-gap-default\">\n\t\t\t\t\t<div class=\"elementor-column elementor-col-100 elementor-top-column elementor-element elementor-element-069319c\" data-id=\"069319c\" data-element_type=\"column\">\n\t\t\t<div class=\"elementor-widget-wrap elementor-element-populated\">\n\t\t\t\t\t\t\t\t<div class=\"elementor-element elementor-element-32169db elementor-widget elementor-widget-text-editor\" data-id=\"32169db\" data-element_type=\"widget\" data-widget_type=\"text-editor.default\">\n\t\t\t\t<div class=\"elementor-widget-container\">\n\t\t\t\t\t\t\t<h2 class=\"font_0\"><span style=\"text-decoration: underline;\">Fascia Floor<\/span><\/h2>\t\t\t\t\t\t<\/div>\n\t\t\t\t<\/div>\n\t\t\t\t\t<\/div>\n\t\t<\/div>\n\t\t\t\t\t\t\t<\/div>\n\t\t<\/section>\n\t\t\t\t<section class=\"elementor-section elementor-top-section elementor-element elementor-element-01fe4ee elementor-section-boxed elementor-section-height-default elementor-section-height-default\" data-id=\"01fe4ee\" data-element_type=\"section\">\n\t\t\t\t\t\t<div class=\"elementor-container elementor-column-gap-default\">\n\t\t\t\t\t<div class=\"elementor-column elementor-col-50 elementor-top-column elementor-element elementor-element-17ef2fb\" data-id=\"17ef2fb\" data-element_type=\"column\">\n\t\t\t<div class=\"elementor-widget-wrap elementor-element-populated\">\n\t\t\t\t\t\t\t\t<div class=\"elementor-element elementor-element-7ffd7c5 elementor-widget elementor-widget-text-editor\" data-id=\"7ffd7c5\" data-element_type=\"widget\" data-widget_type=\"text-editor.default\">\n\t\t\t\t<div class=\"elementor-widget-container\">\n\t\t\t\t\t\t\t<p><img loading=\"lazy\" decoding=\"async\" class=\"aligncenter wp-image-90 size-full\" src=\"http:\/\/presenk.cluster031.hosting.ovh.net\/wp-content\/uploads\/2022\/09\/arandel-fasciatherapie-danse-Sensible-corps.jpg\" alt=\"J'accompagne les personnes qui le souhaitent \u00e0 prendre conscience de leur corps avec bienveillance, douceur, \u00e9coute, pr\u00e9sence et profondeur. Mes outils : la fasciath\u00e9rapie, la kin\u00e9sith\u00e9rapie, la CNV et la danse du Sensible\" width=\"662\" height=\"1600\" srcset=\"https:\/\/presenceencorps.fr\/wp-content\/uploads\/2022\/09\/arandel-fasciatherapie-danse-Sensible-corps.jpg 662w, https:\/\/presenceencorps.fr\/wp-content\/uploads\/2022\/09\/arandel-fasciatherapie-danse-Sensible-corps-124x300.jpg 124w, https:\/\/presenceencorps.fr\/wp-content\/uploads\/2022\/09\/arandel-fasciatherapie-danse-Sensible-corps-424x1024.jpg 424w, https:\/\/presenceencorps.fr\/wp-content\/uploads\/2022\/09\/arandel-fasciatherapie-danse-Sensible-corps-636x1536.jpg 636w\" sizes=\"(max-width: 662px) 100vw, 662px\" \/><\/p><p>R\u00e9servation pr\u00e9alable : C\u00e9line Arandel\u00a0\u00a0 <strong class=\"notranslate\">\u260e<\/strong>\u00a0 06 62 38 37 05 <br \/><strong class=\"notranslate\">\ud83d\udce7<\/strong>\u00a0 <a href=\"mailto:celinearandel@gmail.com\" data-auto-recognition=\"true\">celinearandel@gmail.com<\/a><\/p>\t\t\t\t\t\t<\/div>\n\t\t\t\t<\/div>\n\t\t\t\t\t<\/div>\n\t\t<\/div>\n\t\t\t\t<div class=\"elementor-column elementor-col-50 elementor-top-column elementor-element elementor-element-e83de17\" data-id=\"e83de17\" data-element_type=\"column\">\n\t\t\t<div class=\"elementor-widget-wrap elementor-element-populated\">\n\t\t\t\t\t\t\t\t<div class=\"elementor-element elementor-element-9c02251 elementor-widget elementor-widget-text-editor\" data-id=\"9c02251\" data-element_type=\"widget\" data-widget_type=\"text-editor.default\">\n\t\t\t\t<div class=\"elementor-widget-container\">\n\t\t\t\t\t\t\t<p>Cet atelier vous offre la possibilit\u00e9 de d\u00e9couvrir vos fascias autrement. Le sol est un r\u00e9v\u00e9lateur de vos tensions et il est aussi un alli\u00e9. Se mettre au sol c&rsquo;est d&rsquo;abord une grande m\u00e9ditation, un signe d&rsquo;humilit\u00e9. J&rsquo;accepte d&rsquo;\u00eatre sur la terre et de me laisser porter. Je fais du sol un ami. Je me rel\u00e2che, je m&rsquo;appuie avec douceur, je glisse&#8230; et je me red\u00e9ploie dans toute mon amplitude.<\/p><p>Cet atelier offre une grande d\u00e9tente des 4 membres gr\u00e2ce \u00e0 des mouvements lents. Une grande profondeur de sensation est v\u00e9cue. Les mouvements sont conscientis\u00e9s gr\u00e2ce \u00e0 mon guidage verbal et permettent de red\u00e9ployer la pr\u00e9sence du corps en mouvement.<\/p><p>Dans un deuxi\u00e8me temps l&rsquo;exploration des mouvements sera libre et vous serez invit\u00e9 \u00e0 \u00e9couter les orientations et postures dont votre corps aura besoin dans l&rsquo;espace.<\/p><p>Atelier de 2h<\/p><p>1 Dimanche par mois<\/p><p>Dimanche 5 Octobre 2025 10h30 12h30 \u00e0 Blois<\/p>\t\t\t\t\t\t<\/div>\n\t\t\t\t<\/div>\n\t\t\t\t\t<\/div>\n\t\t<\/div>\n\t\t\t\t\t\t\t<\/div>\n\t\t<\/section>\n\t\t\t\t<section class=\"elementor-section elementor-top-section elementor-element elementor-element-59e7ecf elementor-section-boxed elementor-section-height-default elementor-section-height-default\" data-id=\"59e7ecf\" data-element_type=\"section\">\n\t\t\t\t\t\t<div class=\"elementor-container elementor-column-gap-default\">\n\t\t\t\t\t<div class=\"elementor-column elementor-col-100 elementor-top-column elementor-element elementor-element-07837b6\" data-id=\"07837b6\" data-element_type=\"column\">\n\t\t\t<div class=\"elementor-widget-wrap elementor-element-populated\">\n\t\t\t\t\t\t\t\t<div class=\"elementor-element elementor-element-234e8ba elementor-widget elementor-widget-text-editor\" data-id=\"234e8ba\" data-element_type=\"widget\" data-widget_type=\"text-editor.default\">\n\t\t\t\t<div class=\"elementor-widget-container\">\n\t\t\t\t\t\t\t<h2 class=\"font_0\"><span style=\"text-decoration: underline;\">Atelier d&rsquo;Anatomie Sensible en mouvement<\/span><\/h2>\t\t\t\t\t\t<\/div>\n\t\t\t\t<\/div>\n\t\t\t\t\t<\/div>\n\t\t<\/div>\n\t\t\t\t\t\t\t<\/div>\n\t\t<\/section>\n\t\t\t\t<section class=\"elementor-section elementor-top-section elementor-element elementor-element-1a95c6d elementor-section-boxed elementor-section-height-default elementor-section-height-default\" data-id=\"1a95c6d\" data-element_type=\"section\">\n\t\t\t\t\t\t<div class=\"elementor-container elementor-column-gap-default\">\n\t\t\t\t\t<div class=\"elementor-column elementor-col-50 elementor-top-column elementor-element elementor-element-6a0fa06\" data-id=\"6a0fa06\" data-element_type=\"column\">\n\t\t\t<div class=\"elementor-widget-wrap elementor-element-populated\">\n\t\t\t\t\t\t\t\t<div class=\"elementor-element elementor-element-1a39840 elementor-widget elementor-widget-text-editor\" data-id=\"1a39840\" data-element_type=\"widget\" data-widget_type=\"text-editor.default\">\n\t\t\t\t<div class=\"elementor-widget-container\">\n\t\t\t\t\t\t\t<p><img loading=\"lazy\" decoding=\"async\" class=\"aligncenter wp-image-93 size-full\" src=\"http:\/\/presenk.cluster031.hosting.ovh.net\/wp-content\/uploads\/2022\/09\/arandel-fasciatherapie-Sensible-danse-coeur.jpg\" alt=\"J'accompagne les personnes qui le souhaitent \u00e0 prendre conscience de leur corps avec bienveillance, douceur, \u00e9coute, pr\u00e9sence et profondeur. Mes outils : la fasciath\u00e9rapie, la kin\u00e9sith\u00e9rapie, la CNV et la danse du Sensible\" width=\"555\" height=\"737\" srcset=\"https:\/\/presenceencorps.fr\/wp-content\/uploads\/2022\/09\/arandel-fasciatherapie-Sensible-danse-coeur.jpg 555w, https:\/\/presenceencorps.fr\/wp-content\/uploads\/2022\/09\/arandel-fasciatherapie-Sensible-danse-coeur-226x300.jpg 226w\" sizes=\"(max-width: 555px) 100vw, 555px\" \/><\/p><p>R\u00e9servation pr\u00e9alable : C\u00e9line Arandel\u00a0\u00a0 <strong class=\"notranslate\">\u260e<\/strong>\u00a0 06 62 38 37 05 <br \/><strong class=\"notranslate\">\ud83d\udce7<\/strong>\u00a0 <a href=\"mailto:celinearandel@gmail.com\" data-auto-recognition=\"true\">celinearandel@gmail.com<\/a><\/p>\t\t\t\t\t\t<\/div>\n\t\t\t\t<\/div>\n\t\t\t\t\t<\/div>\n\t\t<\/div>\n\t\t\t\t<div class=\"elementor-column elementor-col-50 elementor-top-column elementor-element elementor-element-6da0e8b\" data-id=\"6da0e8b\" data-element_type=\"column\">\n\t\t\t<div class=\"elementor-widget-wrap elementor-element-populated\">\n\t\t\t\t\t\t\t\t<div class=\"elementor-element elementor-element-7a5bf33 elementor-widget elementor-widget-text-editor\" data-id=\"7a5bf33\" data-element_type=\"widget\" data-widget_type=\"text-editor.default\">\n\t\t\t\t<div class=\"elementor-widget-container\">\n\t\t\t\t\t\t\t<div id=\"comp-l0s4y1sm\" class=\"_2Hij5 _3bcaz\" data-testid=\"richTextElement\">\n<p class=\"font_8\">Cet atelier vous propose de revisiter l&rsquo;anatomie du corps en int\u00e9grant la conscience des fascias qui interconnectent toutes les parties du corps ensemble.<br>Vous pourrez recr\u00e9er un sch\u00e9ma corporel enrichi, rempli, global, et plus vivant.<br>Vous poserez votre attention sur les sensations et les perceptions de votre corps.<br>Vous apprendrez \u00e0 \u00e9couter la tonalit\u00e9 particuli\u00e8re de chacun de vos organes.<br>Vous ressentirez votre corps autrement, de l&rsquo;int\u00e9rieur, en int\u00e9grant ses nouvelles connaissances.<br>Vous laisserez aller librement votre corps dans la danse en ressentant votre rythme, vos impulsions internes. Vous deviendrez plus pr\u00e9sent globalement \u00e0 tout votre corps r\u00e9unifi\u00e9.<\/p>\n<\/div>\n<div id=\"comp-l6l38jf1\" class=\"_2Hij5 _3bcaz\" data-testid=\"richTextElement\">\n<p class=\"font_8\">Prochaines dates \u00e0 venir<\/p>\n<p class=\"font_8\">L&rsquo;atelier mensuel : 1 atelier par mois.<br>Cursus en ligne via zoom<\/p>\n<p class=\"font_8\">Dur\u00e9e : 2h<\/p>\n<p class=\"font_8\">Paiement en ligne par virement.<\/p><\/div>\t\t\t\t\t\t<\/div>\n\t\t\t\t<\/div>\n\t\t\t\t\t<\/div>\n\t\t<\/div>\n\t\t\t\t\t\t\t<\/div>\n\t\t<\/section>\n\t\t\t\t\t\t\t<\/div>\n\t\t","protected":false},"excerpt":{"rendered":"<p>Ateliers Danse du Sensible \u00a0 \u00a0 \u00a0 \u00a0 La Danse du Sensible est une pratique corporelle cr\u00e9e par Claire Laronde, danseuse et chor\u00e9graphe, th\u00e9rapeute et somato-psychop\u00e9dagogue qui a su associer finement, la m\u00e9ditation, l&rsquo;expression dans\u00e9e, la p\u00e9dagogie perceptive et la communication non violente. \u00a0 Elle peut se pratiquer en groupe, pour soi ou en accompagnement <a class=\"read-more\" href=\"https:\/\/presenceencorps.fr\/index.php\/ateliers-stages\/\">Read More<\/a><\/p>\n","protected":false},"author":1,"featured_media":0,"parent":0,"menu_order":0,"comment_status":"closed","ping_status":"closed","template":"template-full-width.php","meta":{"footnotes":""},"class_list":["post-145","page","type-page","status-publish","hentry"],"yoast_head":"<!-- This site is optimized with the Yoast SEO plugin v21.7 - https:\/\/yoast.com\/wordpress\/plugins\/seo\/ -->\n<title>Ateliers Stages - C\u00e9line Arandel<\/title>\n<meta name=\"robots\" content=\"index, follow, max-snippet:-1, max-image-preview:large, max-video-preview:-1\" \/>\n<link rel=\"canonical\" href=\"https:\/\/presenceencorps.fr\/index.php\/ateliers-stages\/\" \/>\n<meta property=\"og:locale\" content=\"fr_FR\" \/>\n<meta property=\"og:type\" content=\"article\" \/>\n<meta property=\"og:title\" content=\"Ateliers Stages - C\u00e9line Arandel\" \/>\n<meta property=\"og:description\" content=\"Ateliers Danse du Sensible \u00a0 \u00a0 \u00a0 \u00a0 La Danse du Sensible est une pratique corporelle cr\u00e9e par Claire Laronde, danseuse et chor\u00e9graphe, th\u00e9rapeute et somato-psychop\u00e9dagogue qui a su associer finement, la m\u00e9ditation, l&rsquo;expression dans\u00e9e, la p\u00e9dagogie perceptive et la communication non violente. \u00a0 Elle peut se pratiquer en groupe, pour soi ou en accompagnement Read More\" \/>\n<meta property=\"og:url\" content=\"https:\/\/presenceencorps.fr\/index.php\/ateliers-stages\/\" \/>\n<meta property=\"og:site_name\" content=\"C\u00e9line Arandel\" \/>\n<meta property=\"article:modified_time\" content=\"2025-09-21T20:54:54+00:00\" \/>\n<meta property=\"og:image\" content=\"http:\/\/presenk.cluster031.hosting.ovh.net\/wp-content\/uploads\/2022\/09\/arandel-fasciatherapie-Sensible-danse-incarnation-300x296.jpg\" \/>\n<meta name=\"twitter:card\" content=\"summary_large_image\" \/>\n<meta name=\"twitter:label1\" content=\"Dur\u00e9e de lecture estim\u00e9e\" \/>\n\t<meta name=\"twitter:data1\" content=\"6 minutes\" \/>\n<script type=\"application\/ld+json\" class=\"yoast-schema-graph\">{\"@context\":\"https:\/\/schema.org\",\"@graph\":[{\"@type\":\"WebPage\",\"@id\":\"https:\/\/presenceencorps.fr\/index.php\/ateliers-stages\/\",\"url\":\"https:\/\/presenceencorps.fr\/index.php\/ateliers-stages\/\",\"name\":\"Ateliers Stages - C\u00e9line Arandel\",\"isPartOf\":{\"@id\":\"https:\/\/presenceencorps.fr\/#website\"},\"datePublished\":\"2022-09-01T02:19:27+00:00\",\"dateModified\":\"2025-09-21T20:54:54+00:00\",\"breadcrumb\":{\"@id\":\"https:\/\/presenceencorps.fr\/index.php\/ateliers-stages\/#breadcrumb\"},\"inLanguage\":\"fr-FR\",\"potentialAction\":[{\"@type\":\"ReadAction\",\"target\":[\"https:\/\/presenceencorps.fr\/index.php\/ateliers-stages\/\"]}]},{\"@type\":\"BreadcrumbList\",\"@id\":\"https:\/\/presenceencorps.fr\/index.php\/ateliers-stages\/#breadcrumb\",\"itemListElement\":[{\"@type\":\"ListItem\",\"position\":1,\"name\":\"Accueil\",\"item\":\"https:\/\/presenceencorps.fr\/\"},{\"@type\":\"ListItem\",\"position\":2,\"name\":\"Ateliers Stages\"}]},{\"@type\":\"WebSite\",\"@id\":\"https:\/\/presenceencorps.fr\/#website\",\"url\":\"https:\/\/presenceencorps.fr\/\",\"name\":\"C\u00e9line Arandel\",\"description\":\"Fasciath\u00e9rapeute, Coaching de vie, Danse du Sensible, Accompagnement \u00e0 la f\u00e9minit\u00e9 et \u00e0 l&#039;expressivit\u00e9\",\"potentialAction\":[{\"@type\":\"SearchAction\",\"target\":{\"@type\":\"EntryPoint\",\"urlTemplate\":\"https:\/\/presenceencorps.fr\/?s={search_term_string}\"},\"query-input\":\"required name=search_term_string\"}],\"inLanguage\":\"fr-FR\"}]}<\/script>\n<!-- \/ Yoast SEO plugin. -->","yoast_head_json":{"title":"Ateliers Stages - C\u00e9line Arandel","robots":{"index":"index","follow":"follow","max-snippet":"max-snippet:-1","max-image-preview":"max-image-preview:large","max-video-preview":"max-video-preview:-1"},"canonical":"https:\/\/presenceencorps.fr\/index.php\/ateliers-stages\/","og_locale":"fr_FR","og_type":"article","og_title":"Ateliers Stages - C\u00e9line Arandel","og_description":"Ateliers Danse du Sensible \u00a0 \u00a0 \u00a0 \u00a0 La Danse du Sensible est une pratique corporelle cr\u00e9e par Claire Laronde, danseuse et chor\u00e9graphe, th\u00e9rapeute et somato-psychop\u00e9dagogue qui a su associer finement, la m\u00e9ditation, l&rsquo;expression dans\u00e9e, la p\u00e9dagogie perceptive et la communication non violente. \u00a0 Elle peut se pratiquer en groupe, pour soi ou en accompagnement Read More","og_url":"https:\/\/presenceencorps.fr\/index.php\/ateliers-stages\/","og_site_name":"C\u00e9line Arandel","article_modified_time":"2025-09-21T20:54:54+00:00","og_image":[{"url":"http:\/\/presenk.cluster031.hosting.ovh.net\/wp-content\/uploads\/2022\/09\/arandel-fasciatherapie-Sensible-danse-incarnation-300x296.jpg"}],"twitter_card":"summary_large_image","twitter_misc":{"Dur\u00e9e de lecture estim\u00e9e":"6 minutes"},"schema":{"@context":"https:\/\/schema.org","@graph":[{"@type":"WebPage","@id":"https:\/\/presenceencorps.fr\/index.php\/ateliers-stages\/","url":"https:\/\/presenceencorps.fr\/index.php\/ateliers-stages\/","name":"Ateliers Stages - C\u00e9line Arandel","isPartOf":{"@id":"https:\/\/presenceencorps.fr\/#website"},"datePublished":"2022-09-01T02:19:27+00:00","dateModified":"2025-09-21T20:54:54+00:00","breadcrumb":{"@id":"https:\/\/presenceencorps.fr\/index.php\/ateliers-stages\/#breadcrumb"},"inLanguage":"fr-FR","potentialAction":[{"@type":"ReadAction","target":["https:\/\/presenceencorps.fr\/index.php\/ateliers-stages\/"]}]},{"@type":"BreadcrumbList","@id":"https:\/\/presenceencorps.fr\/index.php\/ateliers-stages\/#breadcrumb","itemListElement":[{"@type":"ListItem","position":1,"name":"Accueil","item":"https:\/\/presenceencorps.fr\/"},{"@type":"ListItem","position":2,"name":"Ateliers Stages"}]},{"@type":"WebSite","@id":"https:\/\/presenceencorps.fr\/#website","url":"https:\/\/presenceencorps.fr\/","name":"C\u00e9line Arandel","description":"Fasciath\u00e9rapeute, Coaching de vie, Danse du Sensible, Accompagnement \u00e0 la f\u00e9minit\u00e9 et \u00e0 l&#039;expressivit\u00e9","potentialAction":[{"@type":"SearchAction","target":{"@type":"EntryPoint","urlTemplate":"https:\/\/presenceencorps.fr\/?s={search_term_string}"},"query-input":"required name=search_term_string"}],"inLanguage":"fr-FR"}]}},"_links":{"self":[{"href":"https:\/\/presenceencorps.fr\/index.php\/wp-json\/wp\/v2\/pages\/145","targetHints":{"allow":["GET"]}}],"collection":[{"href":"https:\/\/presenceencorps.fr\/index.php\/wp-json\/wp\/v2\/pages"}],"about":[{"href":"https:\/\/presenceencorps.fr\/index.php\/wp-json\/wp\/v2\/types\/page"}],"author":[{"embeddable":true,"href":"https:\/\/presenceencorps.fr\/index.php\/wp-json\/wp\/v2\/users\/1"}],"replies":[{"embeddable":true,"href":"https:\/\/presenceencorps.fr\/index.php\/wp-json\/wp\/v2\/comments?post=145"}],"version-history":[{"count":56,"href":"https:\/\/presenceencorps.fr\/index.php\/wp-json\/wp\/v2\/pages\/145\/revisions"}],"predecessor-version":[{"id":645,"href":"https:\/\/presenceencorps.fr\/index.php\/wp-json\/wp\/v2\/pages\/145\/revisions\/645"}],"wp:attachment":[{"href":"https:\/\/presenceencorps.fr\/index.php\/wp-json\/wp\/v2\/media?parent=145"}],"curies":[{"name":"wp","href":"https:\/\/api.w.org\/{rel}","templated":true}]}}