{"id":269,"date":"2022-09-03T00:27:09","date_gmt":"2022-09-02T22:27:09","guid":{"rendered":"http:\/\/presenk.cluster031.hosting.ovh.net\/?page_id=269"},"modified":"2025-09-21T23:34:57","modified_gmt":"2025-09-21T21:34:57","slug":"accueil","status":"publish","type":"page","link":"https:\/\/presenceencorps.fr\/","title":{"rendered":"Accueil"},"content":{"rendered":"\t\t<div data-elementor-type=\"wp-page\" data-elementor-id=\"269\" class=\"elementor elementor-269\">\n\t\t\t\t\t\t\t\t\t<section class=\"elementor-section elementor-top-section elementor-element elementor-element-d69679c elementor-section-boxed elementor-section-height-default elementor-section-height-default\" data-id=\"d69679c\" data-element_type=\"section\">\n\t\t\t\t\t\t<div class=\"elementor-container elementor-column-gap-default\">\n\t\t\t\t\t<div class=\"elementor-column elementor-col-50 elementor-top-column elementor-element elementor-element-b3c0fcd\" data-id=\"b3c0fcd\" data-element_type=\"column\">\n\t\t\t<div class=\"elementor-widget-wrap elementor-element-populated\">\n\t\t\t\t\t\t\t\t<div class=\"elementor-element elementor-element-5df3c6d elementor-widget elementor-widget-text-editor\" data-id=\"5df3c6d\" data-element_type=\"widget\" data-widget_type=\"text-editor.default\">\n\t\t\t\t<div class=\"elementor-widget-container\">\n\t\t\t<style>\/*! elementor - v3.18.0 - 20-12-2023 *\/\n.elementor-widget-text-editor.elementor-drop-cap-view-stacked .elementor-drop-cap{background-color:#69727d;color:#fff}.elementor-widget-text-editor.elementor-drop-cap-view-framed .elementor-drop-cap{color:#69727d;border:3px solid;background-color:transparent}.elementor-widget-text-editor:not(.elementor-drop-cap-view-default) .elementor-drop-cap{margin-top:8px}.elementor-widget-text-editor:not(.elementor-drop-cap-view-default) .elementor-drop-cap-letter{width:1em;height:1em}.elementor-widget-text-editor .elementor-drop-cap{float:left;text-align:center;line-height:1;font-size:50px}.elementor-widget-text-editor .elementor-drop-cap-letter{display:inline-block}<\/style>\t\t\t\t<h1><strong>C\u00e9line Arandel<\/strong><\/h1><ul><li class=\"font_0\"><h5><a href=\"http:\/\/presenk.cluster031.hosting.ovh.net\/index.php\/cnv\/\" target=\"_blank\" rel=\"noopener\">Th\u00e9rapie manuelle des fascias<\/a><\/h5><\/li><li class=\"font_0\"><h5><a href=\"http:\/\/presenk.cluster031.hosting.ovh.net\/index.php\/cnv\/\" target=\"_blank\" rel=\"noopener\">Psychopraticienne<\/a><\/h5><\/li><li class=\"font_0\"><h5><a href=\"http:\/\/presenk.cluster031.hosting.ovh.net\/index.php\/danse-du-sensible\/\" target=\"_blank\" rel=\"noopener\">Danse du Sensible<\/a><\/h5><\/li><li class=\"font_0\"><h5><a href=\"http:\/\/presenk.cluster031.hosting.ovh.net\/index.php\/mes-soins\/\" target=\"_blank\" rel=\"noopener\">Accompagnement \u00e0 la f\u00e9minit\u00e9 et \u00e0 l&rsquo;expressivit\u00e9<\/a><\/h5><\/li><li class=\"font_0\">Peinture de Sable<\/li><\/ul>\t\t\t\t\t\t<\/div>\n\t\t\t\t<\/div>\n\t\t\t\t\t<\/div>\n\t\t<\/div>\n\t\t\t\t<div class=\"elementor-column elementor-col-50 elementor-top-column elementor-element elementor-element-e7ee581\" data-id=\"e7ee581\" data-element_type=\"column\">\n\t\t\t<div class=\"elementor-widget-wrap elementor-element-populated\">\n\t\t\t\t\t\t\t\t<div class=\"elementor-element elementor-element-761321c elementor-widget elementor-widget-text-editor\" data-id=\"761321c\" data-element_type=\"widget\" data-widget_type=\"text-editor.default\">\n\t\t\t\t<div class=\"elementor-widget-container\">\n\t\t\t\t\t\t\t<div data-testid=\"richTextElement\" data-angle=\"0\" data-angle-style-location=\"style\" data-screen-in-hide=\"done\">\n<p>&nbsp;&nbsp;&nbsp;&nbsp;&nbsp;&nbsp;&nbsp;&nbsp;&nbsp;&nbsp;&nbsp;&nbsp;&nbsp;&nbsp;&nbsp;&nbsp;&nbsp;&nbsp;&nbsp;&nbsp;&nbsp;&nbsp;&nbsp;&nbsp;<\/p><p>&nbsp;&nbsp;&nbsp;&nbsp;&nbsp;&nbsp;&nbsp;&nbsp;&nbsp;&nbsp;&nbsp;&nbsp;&nbsp;&nbsp;&nbsp;&nbsp;&nbsp;&nbsp;&nbsp;&nbsp;&nbsp;&nbsp;&nbsp; 40 Rue des Chalans<br>&nbsp;&nbsp;&nbsp;&nbsp;&nbsp;&nbsp;&nbsp;&nbsp;&nbsp;&nbsp;&nbsp;&nbsp;&nbsp;&nbsp;&nbsp;&nbsp;&nbsp;&nbsp;&nbsp;&nbsp;&nbsp;&nbsp;&nbsp; 41000 Blois<br><strong> &nbsp;&nbsp;&nbsp;&nbsp; &nbsp; &nbsp; &nbsp; &nbsp; &nbsp; <img decoding=\"async\" class=\"\" role=\"img\" draggable=\"false\" src=\"https:\/\/s.w.org\/images\/core\/emoji\/14.0.0\/svg\/260e.svg\" alt=\"\u260e\" width=\"23\" height=\"23\"><\/strong>&nbsp; 06 62 38 37 05<\/p>\n<p><strong>&nbsp;&nbsp;&nbsp;&nbsp;&nbsp;&nbsp;&nbsp;&nbsp;&nbsp;&nbsp;&nbsp;&nbsp;&nbsp;&nbsp;&nbsp;&nbsp;&nbsp;&nbsp;&nbsp;&nbsp;&nbsp;&nbsp;&nbsp;<img decoding=\"async\" class=\"\" role=\"img\" draggable=\"false\" src=\"https:\/\/s.w.org\/images\/core\/emoji\/14.0.0\/svg\/1f4e7.svg\" alt=\"\ud83d\udce7\" width=\"24\" height=\"24\"><\/strong>&nbsp; <a href=\"mailto:celinearandel@gmail.com\" data-auto-recognition=\"true\" data-wplink-edit=\"true\">celinearandel@gmail.com<\/a><\/p><\/div>\t\t\t\t\t\t<\/div>\n\t\t\t\t<\/div>\n\t\t\t\t\t<\/div>\n\t\t<\/div>\n\t\t\t\t\t\t\t<\/div>\n\t\t<\/section>\n\t\t\t\t\t\t\t<\/div>\n\t\t","protected":false},"excerpt":{"rendered":"<p>C\u00e9line Arandel Th\u00e9rapie manuelle des fascias Psychopraticienne Danse du Sensible Accompagnement \u00e0 la f\u00e9minit\u00e9 et \u00e0 l&rsquo;expressivit\u00e9 Peinture de Sable &nbsp;&nbsp;&nbsp;&nbsp;&nbsp;&nbsp;&nbsp;&nbsp;&nbsp;&nbsp;&nbsp;&nbsp;&nbsp;&nbsp;&nbsp;&nbsp;&nbsp;&nbsp;&nbsp;&nbsp;&nbsp;&nbsp;&nbsp;&nbsp; &nbsp;&nbsp;&nbsp;&nbsp;&nbsp;&nbsp;&nbsp;&nbsp;&nbsp;&nbsp;&nbsp;&nbsp;&nbsp;&nbsp;&nbsp;&nbsp;&nbsp;&nbsp;&nbsp;&nbsp;&nbsp;&nbsp;&nbsp; 40 Rue des Chalans&nbsp;&nbsp;&nbsp;&nbsp;&nbsp;&nbsp;&nbsp;&nbsp;&nbsp;&nbsp;&nbsp;&nbsp;&nbsp;&nbsp;&nbsp;&nbsp;&nbsp;&nbsp;&nbsp;&nbsp;&nbsp;&nbsp;&nbsp; 41000 Blois &nbsp;&nbsp;&nbsp;&nbsp; &nbsp; &nbsp; &nbsp; &nbsp; &nbsp; &nbsp; 06 62 38 37 05 &nbsp;&nbsp;&nbsp;&nbsp;&nbsp;&nbsp;&nbsp;&nbsp;&nbsp;&nbsp;&nbsp;&nbsp;&nbsp;&nbsp;&nbsp;&nbsp;&nbsp;&nbsp;&nbsp;&nbsp;&nbsp;&nbsp;&nbsp;&nbsp; celinearandel@gmail.com<\/p>\n","protected":false},"author":1,"featured_media":0,"parent":0,"menu_order":0,"comment_status":"closed","ping_status":"closed","template":"template-left-sidebar.php","meta":{"footnotes":""},"class_list":["post-269","page","type-page","status-publish","hentry"],"yoast_head":"<!-- This site is optimized with the Yoast SEO plugin v21.7 - https:\/\/yoast.com\/wordpress\/plugins\/seo\/ -->\n<title>Accueil - C\u00e9line Arandel<\/title>\n<meta name=\"robots\" content=\"index, follow, max-snippet:-1, max-image-preview:large, max-video-preview:-1\" \/>\n<link rel=\"canonical\" href=\"https:\/\/presenceencorps.fr\/\" \/>\n<meta property=\"og:locale\" content=\"fr_FR\" \/>\n<meta property=\"og:type\" content=\"article\" \/>\n<meta property=\"og:title\" content=\"Accueil - C\u00e9line Arandel\" \/>\n<meta property=\"og:description\" content=\"C\u00e9line Arandel Th\u00e9rapie manuelle des fascias Psychopraticienne Danse du Sensible Accompagnement \u00e0 la f\u00e9minit\u00e9 et \u00e0 l&rsquo;expressivit\u00e9 Peinture de Sable &nbsp;&nbsp;&nbsp;&nbsp;&nbsp;&nbsp;&nbsp;&nbsp;&nbsp;&nbsp;&nbsp;&nbsp;&nbsp;&nbsp;&nbsp;&nbsp;&nbsp;&nbsp;&nbsp;&nbsp;&nbsp;&nbsp;&nbsp;&nbsp; &nbsp;&nbsp;&nbsp;&nbsp;&nbsp;&nbsp;&nbsp;&nbsp;&nbsp;&nbsp;&nbsp;&nbsp;&nbsp;&nbsp;&nbsp;&nbsp;&nbsp;&nbsp;&nbsp;&nbsp;&nbsp;&nbsp;&nbsp; 40 Rue des Chalans&nbsp;&nbsp;&nbsp;&nbsp;&nbsp;&nbsp;&nbsp;&nbsp;&nbsp;&nbsp;&nbsp;&nbsp;&nbsp;&nbsp;&nbsp;&nbsp;&nbsp;&nbsp;&nbsp;&nbsp;&nbsp;&nbsp;&nbsp; 41000 Blois &nbsp;&nbsp;&nbsp;&nbsp; &nbsp; &nbsp; &nbsp; &nbsp; &nbsp; &nbsp; 06 62 38 37 05 &nbsp;&nbsp;&nbsp;&nbsp;&nbsp;&nbsp;&nbsp;&nbsp;&nbsp;&nbsp;&nbsp;&nbsp;&nbsp;&nbsp;&nbsp;&nbsp;&nbsp;&nbsp;&nbsp;&nbsp;&nbsp;&nbsp;&nbsp;&nbsp; celinearandel@gmail.com\" \/>\n<meta property=\"og:url\" content=\"https:\/\/presenceencorps.fr\/\" \/>\n<meta property=\"og:site_name\" content=\"C\u00e9line Arandel\" \/>\n<meta property=\"article:modified_time\" content=\"2025-09-21T21:34:57+00:00\" \/>\n<meta property=\"og:image\" content=\"https:\/\/s.w.org\/images\/core\/emoji\/14.0.0\/svg\/260e.svg\" \/>\n<meta name=\"twitter:card\" content=\"summary_large_image\" \/>\n<meta name=\"twitter:label1\" content=\"Dur\u00e9e de lecture estim\u00e9e\" \/>\n\t<meta name=\"twitter:data1\" content=\"1 minute\" \/>\n<script type=\"application\/ld+json\" class=\"yoast-schema-graph\">{\"@context\":\"https:\/\/schema.org\",\"@graph\":[{\"@type\":\"WebPage\",\"@id\":\"https:\/\/presenceencorps.fr\/\",\"url\":\"https:\/\/presenceencorps.fr\/\",\"name\":\"Accueil - C\u00e9line Arandel\",\"isPartOf\":{\"@id\":\"https:\/\/presenceencorps.fr\/#website\"},\"datePublished\":\"2022-09-02T22:27:09+00:00\",\"dateModified\":\"2025-09-21T21:34:57+00:00\",\"breadcrumb\":{\"@id\":\"https:\/\/presenceencorps.fr\/#breadcrumb\"},\"inLanguage\":\"fr-FR\",\"potentialAction\":[{\"@type\":\"ReadAction\",\"target\":[\"https:\/\/presenceencorps.fr\/\"]}]},{\"@type\":\"BreadcrumbList\",\"@id\":\"https:\/\/presenceencorps.fr\/#breadcrumb\",\"itemListElement\":[{\"@type\":\"ListItem\",\"position\":1,\"name\":\"Accueil\",\"item\":\"https:\/\/presenceencorps.fr\/\"},{\"@type\":\"ListItem\",\"position\":2,\"name\":\"Accueil\"}]},{\"@type\":\"WebSite\",\"@id\":\"https:\/\/presenceencorps.fr\/#website\",\"url\":\"https:\/\/presenceencorps.fr\/\",\"name\":\"C\u00e9line Arandel\",\"description\":\"Fasciath\u00e9rapeute, Coaching de vie, Danse du Sensible, Accompagnement \u00e0 la f\u00e9minit\u00e9 et \u00e0 l&#039;expressivit\u00e9\",\"potentialAction\":[{\"@type\":\"SearchAction\",\"target\":{\"@type\":\"EntryPoint\",\"urlTemplate\":\"https:\/\/presenceencorps.fr\/?s={search_term_string}\"},\"query-input\":\"required name=search_term_string\"}],\"inLanguage\":\"fr-FR\"}]}<\/script>\n<!-- \/ Yoast SEO plugin. -->","yoast_head_json":{"title":"Accueil - C\u00e9line Arandel","robots":{"index":"index","follow":"follow","max-snippet":"max-snippet:-1","max-image-preview":"max-image-preview:large","max-video-preview":"max-video-preview:-1"},"canonical":"https:\/\/presenceencorps.fr\/","og_locale":"fr_FR","og_type":"article","og_title":"Accueil - C\u00e9line Arandel","og_description":"C\u00e9line Arandel Th\u00e9rapie manuelle des fascias Psychopraticienne Danse du Sensible Accompagnement \u00e0 la f\u00e9minit\u00e9 et \u00e0 l&rsquo;expressivit\u00e9 Peinture de Sable &nbsp;&nbsp;&nbsp;&nbsp;&nbsp;&nbsp;&nbsp;&nbsp;&nbsp;&nbsp;&nbsp;&nbsp;&nbsp;&nbsp;&nbsp;&nbsp;&nbsp;&nbsp;&nbsp;&nbsp;&nbsp;&nbsp;&nbsp;&nbsp; &nbsp;&nbsp;&nbsp;&nbsp;&nbsp;&nbsp;&nbsp;&nbsp;&nbsp;&nbsp;&nbsp;&nbsp;&nbsp;&nbsp;&nbsp;&nbsp;&nbsp;&nbsp;&nbsp;&nbsp;&nbsp;&nbsp;&nbsp; 40 Rue des Chalans&nbsp;&nbsp;&nbsp;&nbsp;&nbsp;&nbsp;&nbsp;&nbsp;&nbsp;&nbsp;&nbsp;&nbsp;&nbsp;&nbsp;&nbsp;&nbsp;&nbsp;&nbsp;&nbsp;&nbsp;&nbsp;&nbsp;&nbsp; 41000 Blois &nbsp;&nbsp;&nbsp;&nbsp; &nbsp; &nbsp; &nbsp; &nbsp; &nbsp; &nbsp; 06 62 38 37 05 &nbsp;&nbsp;&nbsp;&nbsp;&nbsp;&nbsp;&nbsp;&nbsp;&nbsp;&nbsp;&nbsp;&nbsp;&nbsp;&nbsp;&nbsp;&nbsp;&nbsp;&nbsp;&nbsp;&nbsp;&nbsp;&nbsp;&nbsp;&nbsp; celinearandel@gmail.com","og_url":"https:\/\/presenceencorps.fr\/","og_site_name":"C\u00e9line Arandel","article_modified_time":"2025-09-21T21:34:57+00:00","og_image":[{"url":"https:\/\/s.w.org\/images\/core\/emoji\/14.0.0\/svg\/260e.svg"}],"twitter_card":"summary_large_image","twitter_misc":{"Dur\u00e9e de lecture estim\u00e9e":"1 minute"},"schema":{"@context":"https:\/\/schema.org","@graph":[{"@type":"WebPage","@id":"https:\/\/presenceencorps.fr\/","url":"https:\/\/presenceencorps.fr\/","name":"Accueil - C\u00e9line Arandel","isPartOf":{"@id":"https:\/\/presenceencorps.fr\/#website"},"datePublished":"2022-09-02T22:27:09+00:00","dateModified":"2025-09-21T21:34:57+00:00","breadcrumb":{"@id":"https:\/\/presenceencorps.fr\/#breadcrumb"},"inLanguage":"fr-FR","potentialAction":[{"@type":"ReadAction","target":["https:\/\/presenceencorps.fr\/"]}]},{"@type":"BreadcrumbList","@id":"https:\/\/presenceencorps.fr\/#breadcrumb","itemListElement":[{"@type":"ListItem","position":1,"name":"Accueil","item":"https:\/\/presenceencorps.fr\/"},{"@type":"ListItem","position":2,"name":"Accueil"}]},{"@type":"WebSite","@id":"https:\/\/presenceencorps.fr\/#website","url":"https:\/\/presenceencorps.fr\/","name":"C\u00e9line Arandel","description":"Fasciath\u00e9rapeute, Coaching de vie, Danse du Sensible, Accompagnement \u00e0 la f\u00e9minit\u00e9 et \u00e0 l&#039;expressivit\u00e9","potentialAction":[{"@type":"SearchAction","target":{"@type":"EntryPoint","urlTemplate":"https:\/\/presenceencorps.fr\/?s={search_term_string}"},"query-input":"required name=search_term_string"}],"inLanguage":"fr-FR"}]}},"_links":{"self":[{"href":"https:\/\/presenceencorps.fr\/index.php\/wp-json\/wp\/v2\/pages\/269","targetHints":{"allow":["GET"]}}],"collection":[{"href":"https:\/\/presenceencorps.fr\/index.php\/wp-json\/wp\/v2\/pages"}],"about":[{"href":"https:\/\/presenceencorps.fr\/index.php\/wp-json\/wp\/v2\/types\/page"}],"author":[{"embeddable":true,"href":"https:\/\/presenceencorps.fr\/index.php\/wp-json\/wp\/v2\/users\/1"}],"replies":[{"embeddable":true,"href":"https:\/\/presenceencorps.fr\/index.php\/wp-json\/wp\/v2\/comments?post=269"}],"version-history":[{"count":60,"href":"https:\/\/presenceencorps.fr\/index.php\/wp-json\/wp\/v2\/pages\/269\/revisions"}],"predecessor-version":[{"id":655,"href":"https:\/\/presenceencorps.fr\/index.php\/wp-json\/wp\/v2\/pages\/269\/revisions\/655"}],"wp:attachment":[{"href":"https:\/\/presenceencorps.fr\/index.php\/wp-json\/wp\/v2\/media?parent=269"}],"curies":[{"name":"wp","href":"https:\/\/api.w.org\/{rel}","templated":true}]}}